{"id":964,"date":"2020-06-17T09:42:50","date_gmt":"2020-06-17T09:42:50","guid":{"rendered":"http:\/\/tuzvedelem.tangula.hu\/?page_id=964"},"modified":"2026-02-09T13:58:07","modified_gmt":"2026-02-09T12:58:07","slug":"magazine","status":"publish","type":"page","link":"https:\/\/www.esterpartners.com\/hu\/magazine\/","title":{"rendered":"MAGAZIN"},"content":{"rendered":"<div data-elementor-type=\"wp-page\" data-elementor-id=\"964\" class=\"elementor elementor-964\" data-elementor-post-type=\"page\">\n\t\t\t\t\t\t<section class=\"elementor-section elementor-top-section elementor-element elementor-element-9d82741 elementor-section-boxed elementor-section-height-default elementor-section-height-default\" data-id=\"9d82741\" data-element_type=\"section\" data-e-type=\"section\" data-settings=\"{&quot;background_background&quot;:&quot;classic&quot;}\">\n\t\t\t\t\t\t<div class=\"elementor-container elementor-column-gap-default\">\n\t\t\t\t\t<div class=\"elementor-column elementor-col-100 elementor-top-column elementor-element elementor-element-43f6aea\" data-id=\"43f6aea\" data-element_type=\"column\" data-e-type=\"column\">\n\t\t\t<div class=\"elementor-widget-wrap elementor-element-populated\">\n\t\t\t\t\t\t<div class=\"elementor-element elementor-element-2e2ad07 elementor-grid-2 elementor-posts--align-left elementor-grid-tablet-2 elementor-grid-mobile-1 elementor-posts--thumbnail-top elementor-posts__hover-gradient elementor-widget elementor-widget-posts\" data-id=\"2e2ad07\" data-element_type=\"widget\" data-e-type=\"widget\" data-settings=\"{&quot;cards_columns&quot;:&quot;2&quot;,&quot;cards_row_gap_mobile&quot;:{&quot;unit&quot;:&quot;px&quot;,&quot;size&quot;:21,&quot;sizes&quot;:[]},&quot;cards_columns_tablet&quot;:&quot;2&quot;,&quot;cards_columns_mobile&quot;:&quot;1&quot;,&quot;cards_row_gap&quot;:{&quot;unit&quot;:&quot;px&quot;,&quot;size&quot;:35,&quot;sizes&quot;:[]},&quot;cards_row_gap_tablet&quot;:{&quot;unit&quot;:&quot;px&quot;,&quot;size&quot;:&quot;&quot;,&quot;sizes&quot;:[]}}\" data-no-translation=\"\" data-widget_type=\"posts.cards\">\n\t\t\t\t<div class=\"elementor-widget-container\">\n\t\t\t\t\t<style>.elementor-element-2e2ad07{display:none !important}<\/style>\t\t\t\t<\/div>\n\t\t\t\t<\/div>\n\t\t\t\t<div class=\"elementor-element elementor-element-bef6147 elementor-grid-2 elementor-posts--align-left elementor-grid-tablet-2 elementor-grid-mobile-1 elementor-posts--thumbnail-top elementor-posts__hover-gradient elementor-widget elementor-widget-posts\" data-id=\"bef6147\" data-element_type=\"widget\" data-e-type=\"widget\" data-settings=\"{&quot;cards_columns&quot;:&quot;2&quot;,&quot;cards_row_gap_mobile&quot;:{&quot;unit&quot;:&quot;px&quot;,&quot;size&quot;:21,&quot;sizes&quot;:[]},&quot;cards_columns_tablet&quot;:&quot;2&quot;,&quot;cards_columns_mobile&quot;:&quot;1&quot;,&quot;cards_row_gap&quot;:{&quot;unit&quot;:&quot;px&quot;,&quot;size&quot;:35,&quot;sizes&quot;:[]},&quot;cards_row_gap_tablet&quot;:{&quot;unit&quot;:&quot;px&quot;,&quot;size&quot;:&quot;&quot;,&quot;sizes&quot;:[]}}\" data-no-translation=\"\" data-widget_type=\"posts.cards\">\n\t\t\t\t<div class=\"elementor-widget-container\">\n\t\t\t\t\t\t\t<div class=\"elementor-posts-container elementor-posts elementor-posts--skin-cards elementor-grid\" role=\"list\">\n\t\t\t\t<article class=\"elementor-post elementor-grid-item post-33586 post type-post status-publish format-standard has-post-thumbnail hentry category-blog category-magazin tag-magyar\" role=\"listitem\">\n\t\t\t<div class=\"elementor-post__card\">\n\t\t\t\t<a class=\"elementor-post__thumbnail__link\" href=\"https:\/\/www.esterpartners.com\/hu\/a-moire-visszaterese-hullamzo-luxus-a-kortars-enteriorben\/\" tabindex=\"-1\" ><div class=\"elementor-post__thumbnail\"><img fetchpriority=\"high\" decoding=\"async\" width=\"580\" height=\"277\" src=\"https:\/\/www.esterpartners.com\/wp-content\/uploads\/2026\/03\/Tribe-kek-01-0002-e1774016446873-1024x489.jpg\" class=\"attachment-large size-large wp-image-33587\" alt=\"\" srcset=\"https:\/\/www.esterpartners.com\/wp-content\/uploads\/2026\/03\/Tribe-kek-01-0002-e1774016446873-1024x489.jpg 1024w, https:\/\/www.esterpartners.com\/wp-content\/uploads\/2026\/03\/Tribe-kek-01-0002-e1774016446873-300x143.jpg 300w, https:\/\/www.esterpartners.com\/wp-content\/uploads\/2026\/03\/Tribe-kek-01-0002-e1774016446873-768x367.jpg 768w, https:\/\/www.esterpartners.com\/wp-content\/uploads\/2026\/03\/Tribe-kek-01-0002-e1774016446873-18x9.jpg 18w, https:\/\/www.esterpartners.com\/wp-content\/uploads\/2026\/03\/Tribe-kek-01-0002-e1774016446873-1200x573.jpg 1200w, https:\/\/www.esterpartners.com\/wp-content\/uploads\/2026\/03\/Tribe-kek-01-0002-e1774016446873.jpg 1347w\" sizes=\"(max-width: 580px) 100vw, 580px\" \/><\/div><\/a>\n\t\t\t\t<div class=\"elementor-post__badge\">blog<\/div>\n\t\t\t\t<div class=\"elementor-post__text\">\n\t\t\t\t<h3 class=\"elementor-post__title\">\n\t\t\t<a href=\"https:\/\/www.esterpartners.com\/hu\/a-moire-visszaterese-hullamzo-luxus-a-kortars-enteriorben\/\" >\n\t\t\t\tA moir\u00e9 visszat\u00e9r\u00e9se \u2013 hull\u00e1mz\u00f3 luxus a kort\u00e1rs enteri\u0151rben\t\t\t<\/a>\n\t\t<\/h3>\n\t\t\t\t<div class=\"elementor-post__excerpt\">\n\t\t\t<p>A bels\u0151\u00e9p\u00edt\u00e9szetben -ak\u00e1r csak m\u00e1s m\u0171v\u00e9szeti ter\u00fcleteken- id\u0151r\u0151l id\u0151re visszat\u00e9rnek olyan formavil\u00e1gok, fel\u00fcletek \u00e9s mint\u00e1k, amelyek egyszerre id\u00e9zik egy m\u00faltbeli st\u00edlus eleganci\u00e1j\u00e1t, m\u00e9gis k\u00f6zben \u00faj karaktert adnak egy friss, kort\u00e1rs szeml\u00e9letben, k\u00f6zegben. Az ut\u00f3bbi \u00e9vekben\/id\u0151ben egyre t\u00f6bb enteri\u0151rben jelenik meg egy k\u00fcl\u00f6nleges, hull\u00e1mz\u00f3 mint\u00e1zat: a moir\u00e9. A v\u00edzfel\u00fclet finom fodroz\u00f3d\u00e1s\u00e1ra<\/p>\n\t\t<\/div>\n\t\t\n\t\t<a class=\"elementor-post__read-more\" href=\"https:\/\/www.esterpartners.com\/hu\/a-moire-visszaterese-hullamzo-luxus-a-kortars-enteriorben\/\" aria-label=\"Read more about A moir\u00e9 visszat\u00e9r\u00e9se \u2013 hull\u00e1mz\u00f3 luxus a kort\u00e1rs enteri\u0151rben\" tabindex=\"-1\" >\n\t\t\tTOV\u00c1BB OLVASOM\t\t<\/a>\n\n\t\t\t\t<\/div>\n\t\t\t\t\t<\/div>\n\t\t<\/article>\n\t\t\t\t<article class=\"elementor-post elementor-grid-item post-33536 post type-post status-publish format-standard has-post-thumbnail hentry category-about-us category-rolunk tag-magyar\" role=\"listitem\">\n\t\t\t<div class=\"elementor-post__card\">\n\t\t\t\t<a class=\"elementor-post__thumbnail__link\" href=\"https:\/\/www.esterpartners.com\/hu\/tudatos-konnyed-es-karizmatikus-20-eves-az-ester-partners-belsoepitesz-iroda\/\" tabindex=\"-1\" ><div class=\"elementor-post__thumbnail\"><img decoding=\"async\" width=\"580\" height=\"387\" src=\"https:\/\/www.esterpartners.com\/wp-content\/uploads\/2024\/11\/EM0C0102-1024x683.jpg\" class=\"attachment-large size-large wp-image-32333\" alt=\"\" srcset=\"https:\/\/www.esterpartners.com\/wp-content\/uploads\/2024\/11\/EM0C0102-1024x683.jpg 1024w, https:\/\/www.esterpartners.com\/wp-content\/uploads\/2024\/11\/EM0C0102-300x200.jpg 300w, https:\/\/www.esterpartners.com\/wp-content\/uploads\/2024\/11\/EM0C0102-768x512.jpg 768w, https:\/\/www.esterpartners.com\/wp-content\/uploads\/2024\/11\/EM0C0102-1536x1024.jpg 1536w, https:\/\/www.esterpartners.com\/wp-content\/uploads\/2024\/11\/EM0C0102-18x12.jpg 18w, https:\/\/www.esterpartners.com\/wp-content\/uploads\/2024\/11\/EM0C0102-1200x800.jpg 1200w, https:\/\/www.esterpartners.com\/wp-content\/uploads\/2024\/11\/EM0C0102.jpg 1920w\" sizes=\"(max-width: 580px) 100vw, 580px\" \/><\/div><\/a>\n\t\t\t\t<div class=\"elementor-post__badge\">About us<\/div>\n\t\t\t\t<div class=\"elementor-post__text\">\n\t\t\t\t<h3 class=\"elementor-post__title\">\n\t\t\t<a href=\"https:\/\/www.esterpartners.com\/hu\/tudatos-konnyed-es-karizmatikus-20-eves-az-ester-partners-belsoepitesz-iroda\/\" >\n\t\t\t\tTudatos, k\u00f6nnyed \u00e9s karizmatikus: 20 \u00e9ves az este\u2019r partners bels\u0151\u00e9p\u00edt\u00e9sz iroda\t\t\t<\/a>\n\t\t<\/h3>\n\t\t\t\t<div class=\"elementor-post__excerpt\">\n\t\t\t<p>K\u00e9t \u00e9vtized munk\u00e1j\u00e1t \u00e9s eredm\u00e9nyeit \u00fcnnepli Magyarorsz\u00e1g egyik vezet\u0151 bels\u0151\u00e9p\u00edt\u00e9sz irod\u00e1ja: az este\u2019r partners Budapest ikonikus sz\u00e1llod\u00e1i mellett \u00e9ttermek, b\u00e1rok, gal\u00e9ri\u00e1k, vill\u00e1k, m\u0171eml\u00e9k- \u00e9s mag\u00e1n\u00e9p\u00fcletek egyedi \u00e9s id\u0151t\u00e1ll\u00f3 bels\u0151\u00e9p\u00edt\u00e9szeti tervez\u00e9s\u00e9vel tette le n\u00e9vjegy\u00e9t. Az iroda sikere m\u00e1ra t\u00falmutat az orsz\u00e1ghat\u00e1rokon: a t\u00f6bb d\u00edjjal elismert este\u2019r partners sz\u00e1mos nemzetk\u00f6zi munk\u00e1ja ut\u00e1na<\/p>\n\t\t<\/div>\n\t\t\n\t\t<a class=\"elementor-post__read-more\" href=\"https:\/\/www.esterpartners.com\/hu\/tudatos-konnyed-es-karizmatikus-20-eves-az-ester-partners-belsoepitesz-iroda\/\" aria-label=\"Read more about Tudatos, k\u00f6nnyed \u00e9s karizmatikus: 20 \u00e9ves az este\u2019r partners bels\u0151\u00e9p\u00edt\u00e9sz iroda\" tabindex=\"-1\" >\n\t\t\tTOV\u00c1BB OLVASOM\t\t<\/a>\n\n\t\t\t\t<\/div>\n\t\t\t\t\t<\/div>\n\t\t<\/article>\n\t\t\t\t<article class=\"elementor-post elementor-grid-item post-33505 post type-post status-publish format-standard has-post-thumbnail hentry category-blog category-magazin tag-magyar\" role=\"listitem\">\n\t\t\t<div class=\"elementor-post__card\">\n\t\t\t\t<a class=\"elementor-post__thumbnail__link\" href=\"https:\/\/www.esterpartners.com\/hu\/lehet-egy-furdoszoba-divatos\/\" tabindex=\"-1\" ><div class=\"elementor-post__thumbnail\"><img decoding=\"async\" width=\"580\" height=\"247\" src=\"https:\/\/www.esterpartners.com\/wp-content\/uploads\/2026\/02\/borito-e1771497792638-1024x436.png\" class=\"attachment-large size-large wp-image-33499\" alt=\"\" srcset=\"https:\/\/www.esterpartners.com\/wp-content\/uploads\/2026\/02\/borito-e1771497792638-1024x436.png 1024w, https:\/\/www.esterpartners.com\/wp-content\/uploads\/2026\/02\/borito-e1771497792638-300x128.png 300w, https:\/\/www.esterpartners.com\/wp-content\/uploads\/2026\/02\/borito-e1771497792638-768x327.png 768w, https:\/\/www.esterpartners.com\/wp-content\/uploads\/2026\/02\/borito-e1771497792638-18x8.png 18w, https:\/\/www.esterpartners.com\/wp-content\/uploads\/2026\/02\/borito-e1771497792638.png 1080w\" sizes=\"(max-width: 580px) 100vw, 580px\" \/><\/div><\/a>\n\t\t\t\t<div class=\"elementor-post__badge\">blog<\/div>\n\t\t\t\t<div class=\"elementor-post__text\">\n\t\t\t\t<h3 class=\"elementor-post__title\">\n\t\t\t<a href=\"https:\/\/www.esterpartners.com\/hu\/lehet-egy-furdoszoba-divatos\/\" >\n\t\t\t\tLehet egy f\u00fcrd\u0151szoba divatos?\t\t\t<\/a>\n\t\t<\/h3>\n\t\t\t\t<div class=\"elementor-post__excerpt\">\n\t\t\t<p>\u00cdme n\u00e9h\u00e1ny saj\u00e1t tervez\u00e9s\u0171 koncepci\u00f3nk, amelyek arra inspir\u00e1ltak minket, hogy kil\u00e9pj\u00fcnk a megszokott keretek k\u00f6z\u00fcl, \u00e9s b\u00e1tran gondolkodjunk \u2013 ugyan\u00fagy haszn\u00e1lva a mint\u00e1kat, sz\u00edneket \u00e9s text\u00far\u00e1kat, ahogyan a haute couture is teszi. N\u00e9h\u00e1ny a j\u00f6v\u0151 st\u00edlusir\u00e1nyzataira \u00e9s \u00e9rtelmez\u00e9seire utal, m\u00edg m\u00e1sok azt mutatj\u00e1k meg, hogy bizonyos klasszikus mint\u00e1k \u00e9s form\u00e1k<\/p>\n\t\t<\/div>\n\t\t\n\t\t<a class=\"elementor-post__read-more\" href=\"https:\/\/www.esterpartners.com\/hu\/lehet-egy-furdoszoba-divatos\/\" aria-label=\"Read more about Lehet egy f\u00fcrd\u0151szoba divatos?\" tabindex=\"-1\" >\n\t\t\tTOV\u00c1BB OLVASOM\t\t<\/a>\n\n\t\t\t\t<\/div>\n\t\t\t\t\t<\/div>\n\t\t<\/article>\n\t\t\t\t<article class=\"elementor-post elementor-grid-item post-33455 post type-post status-publish format-standard has-post-thumbnail hentry category-blog category-magazin tag-magyar\" role=\"listitem\">\n\t\t\t<div class=\"elementor-post__card\">\n\t\t\t\t<a class=\"elementor-post__thumbnail__link\" href=\"https:\/\/www.esterpartners.com\/hu\/ilyen-volt-az-isztambuli-butorkiallitas\/\" tabindex=\"-1\" ><div class=\"elementor-post__thumbnail\"><img loading=\"lazy\" decoding=\"async\" width=\"580\" height=\"435\" src=\"https:\/\/www.esterpartners.com\/wp-content\/uploads\/2026\/02\/IMG_1209-1024x768.jpg\" class=\"attachment-large size-large wp-image-33456\" alt=\"\" srcset=\"https:\/\/www.esterpartners.com\/wp-content\/uploads\/2026\/02\/IMG_1209-1024x768.jpg 1024w, https:\/\/www.esterpartners.com\/wp-content\/uploads\/2026\/02\/IMG_1209-300x225.jpg 300w, https:\/\/www.esterpartners.com\/wp-content\/uploads\/2026\/02\/IMG_1209-768x576.jpg 768w, https:\/\/www.esterpartners.com\/wp-content\/uploads\/2026\/02\/IMG_1209-1536x1152.jpg 1536w, https:\/\/www.esterpartners.com\/wp-content\/uploads\/2026\/02\/IMG_1209-16x12.jpg 16w, https:\/\/www.esterpartners.com\/wp-content\/uploads\/2026\/02\/IMG_1209-1200x900.jpg 1200w, https:\/\/www.esterpartners.com\/wp-content\/uploads\/2026\/02\/IMG_1209.jpg 1920w\" sizes=\"(max-width: 580px) 100vw, 580px\" \/><\/div><\/a>\n\t\t\t\t<div class=\"elementor-post__badge\">blog<\/div>\n\t\t\t\t<div class=\"elementor-post__text\">\n\t\t\t\t<h3 class=\"elementor-post__title\">\n\t\t\t<a href=\"https:\/\/www.esterpartners.com\/hu\/ilyen-volt-az-isztambuli-butorkiallitas\/\" >\n\t\t\t\tIlyen volt az Isztambuli B\u00fatorki\u00e1ll\u00edt\u00e1s\t\t\t<\/a>\n\t\t<\/h3>\n\t\t\t\t<div class=\"elementor-post__excerpt\">\n\t\t\t<p>2026 janu\u00e1rj\u00e1ban ell\u00e1togattunk az isztambuli b\u00fatorki\u00e1ll\u00edt\u00e1sra, ahol a rendezv\u00e9nyt k\u00e9t elt\u00e9r\u0151, m\u00e9gis egym\u00e1st j\u00f3l kieg\u00e9sz\u00edt\u0151 n\u00e9z\u0151pontb\u00f3l \u2013 tervez\u0151i \u00e9s sales szemsz\u00f6gb\u0151l \u2013 vizsg\u00e1ltuk meg. Tapasztalataink \u00f6sszess\u00e9g\u00e9ben pozit\u00edvak \u00e9s inspir\u00e1l\u00f3ak voltak. A t\u00f6r\u00f6k b\u00fatorgy\u00e1rt\u00e1s kiemelked\u0151 er\u0151ss\u00e9ge a formavil\u00e1g eszt\u00e9tikai min\u0151s\u00e9ge. A famunk\u00e1k k\u00fcl\u00f6n\u00f6sen ig\u00e9nyesek, az \u00edves megold\u00e1sok prec\u00edzen kidolgozottak \u00e9s vizu\u00e1lisan<\/p>\n\t\t<\/div>\n\t\t\n\t\t<a class=\"elementor-post__read-more\" href=\"https:\/\/www.esterpartners.com\/hu\/ilyen-volt-az-isztambuli-butorkiallitas\/\" aria-label=\"Read more about Ilyen volt az Isztambuli B\u00fatorki\u00e1ll\u00edt\u00e1s\" tabindex=\"-1\" >\n\t\t\tTOV\u00c1BB OLVASOM\t\t<\/a>\n\n\t\t\t\t<\/div>\n\t\t\t\t\t<\/div>\n\t\t<\/article>\n\t\t\t\t<article class=\"elementor-post elementor-grid-item post-33450 post type-post status-publish format-standard has-post-thumbnail hentry category-esemenyek category-magazin tag-magyar\" role=\"listitem\">\n\t\t\t<div class=\"elementor-post__card\">\n\t\t\t\t<a class=\"elementor-post__thumbnail__link\" href=\"https:\/\/www.esterpartners.com\/hu\/nemzetkozi-dijat-nyert-az-ester-partners-2\/\" tabindex=\"-1\" ><div class=\"elementor-post__thumbnail\"><img loading=\"lazy\" decoding=\"async\" width=\"580\" height=\"387\" src=\"https:\/\/www.esterpartners.com\/wp-content\/uploads\/2025\/03\/petit9-1024x683.jpg\" class=\"attachment-large size-large wp-image-32395\" alt=\"\" srcset=\"https:\/\/www.esterpartners.com\/wp-content\/uploads\/2025\/03\/petit9-1024x683.jpg 1024w, https:\/\/www.esterpartners.com\/wp-content\/uploads\/2025\/03\/petit9-300x200.jpg 300w, https:\/\/www.esterpartners.com\/wp-content\/uploads\/2025\/03\/petit9-768x512.jpg 768w, https:\/\/www.esterpartners.com\/wp-content\/uploads\/2025\/03\/petit9-18x12.jpg 18w, https:\/\/www.esterpartners.com\/wp-content\/uploads\/2025\/03\/petit9-1200x800.jpg 1200w\" sizes=\"(max-width: 580px) 100vw, 580px\" \/><\/div><\/a>\n\t\t\t\t<div class=\"elementor-post__badge\">Esem\u00e9nyek<\/div>\n\t\t\t\t<div class=\"elementor-post__text\">\n\t\t\t\t<h3 class=\"elementor-post__title\">\n\t\t\t<a href=\"https:\/\/www.esterpartners.com\/hu\/nemzetkozi-dijat-nyert-az-ester-partners-2\/\" >\n\t\t\t\tNemzetk\u00f6zi d\u00edjat nyert az este&#8217;r partners\t\t\t<\/a>\n\t\t<\/h3>\n\t\t\t\t<div class=\"elementor-post__excerpt\">\n\t\t\t<p>Az olasz Emilgroup Prestigue-d\u00edj\u00e1t a Petit Bois sz\u00e1lloda munk\u00e1j\u00e1\u00e9rt vehette \u00e1t Radn\u00f3czy Eszter, amely a Laki Zrt. megb\u00edz\u00e1s\u00e1b\u00f3l, az ARX \u00c9p\u00edt\u00e9szirod\u00e1val partners\u00e9gben val\u00f3sult meg. H\u00e1l\u00e1sak vagyunk az elismer\u00e9s\u00e9rt! &#8220;Amikor a Petit Bois \u00f6t csillagos sz\u00e1llod\u00e1r\u00f3l besz\u00e9lek, h\u00e1rom fogalom jut eszembe. Elegancia &#8211; hiszen F\u00fcred haz\u00e1nk tradicion\u00e1lis, eleg\u00e1ns tal\u00e1lkoz\u00f3helye, sokkal t\u00f6bb,<\/p>\n\t\t<\/div>\n\t\t\n\t\t<a class=\"elementor-post__read-more\" href=\"https:\/\/www.esterpartners.com\/hu\/nemzetkozi-dijat-nyert-az-ester-partners-2\/\" aria-label=\"Read more about Nemzetk\u00f6zi d\u00edjat nyert az este&#8217;r partners\" tabindex=\"-1\" >\n\t\t\tTOV\u00c1BB OLVASOM\t\t<\/a>\n\n\t\t\t\t<\/div>\n\t\t\t\t\t<\/div>\n\t\t<\/article>\n\t\t\t\t<article class=\"elementor-post elementor-grid-item post-33445 post type-post status-publish format-standard has-post-thumbnail hentry category-magazin category-news tag-magyar\" role=\"listitem\">\n\t\t\t<div class=\"elementor-post__card\">\n\t\t\t\t<a class=\"elementor-post__thumbnail__link\" href=\"https:\/\/www.esterpartners.com\/hu\/a-regio-legjobbja-a-petit-bois-fured\/\" tabindex=\"-1\" ><div class=\"elementor-post__thumbnail\"><img loading=\"lazy\" decoding=\"async\" width=\"580\" height=\"326\" src=\"https:\/\/www.esterpartners.com\/wp-content\/uploads\/2025\/11\/Petit-Bois_r_015-1024x576.jpg\" class=\"attachment-large size-large wp-image-33047\" alt=\"\" srcset=\"https:\/\/www.esterpartners.com\/wp-content\/uploads\/2025\/11\/Petit-Bois_r_015-1024x576.jpg 1024w, https:\/\/www.esterpartners.com\/wp-content\/uploads\/2025\/11\/Petit-Bois_r_015-300x169.jpg 300w, https:\/\/www.esterpartners.com\/wp-content\/uploads\/2025\/11\/Petit-Bois_r_015-768x432.jpg 768w, https:\/\/www.esterpartners.com\/wp-content\/uploads\/2025\/11\/Petit-Bois_r_015-1536x864.jpg 1536w, https:\/\/www.esterpartners.com\/wp-content\/uploads\/2025\/11\/Petit-Bois_r_015-2048x1152.jpg 2048w, https:\/\/www.esterpartners.com\/wp-content\/uploads\/2025\/11\/Petit-Bois_r_015-18x10.jpg 18w, https:\/\/www.esterpartners.com\/wp-content\/uploads\/2025\/11\/Petit-Bois_r_015-1200x675.jpg 1200w, https:\/\/www.esterpartners.com\/wp-content\/uploads\/2025\/11\/Petit-Bois_r_015-1980x1114.jpg 1980w\" sizes=\"(max-width: 580px) 100vw, 580px\" \/><\/div><\/a>\n\t\t\t\t<div class=\"elementor-post__badge\">magazin<\/div>\n\t\t\t\t<div class=\"elementor-post__text\">\n\t\t\t\t<h3 class=\"elementor-post__title\">\n\t\t\t<a href=\"https:\/\/www.esterpartners.com\/hu\/a-regio-legjobbja-a-petit-bois-fured\/\" >\n\t\t\t\tA r\u00e9gi\u00f3 legjobbja A Petit Bois F\u00fcred\t\t\t<\/a>\n\t\t<\/h3>\n\t\t\t\t<div class=\"elementor-post__excerpt\">\n\t\t\t<p>A vil\u00e1g egyik legismertebb luxussz\u00e1lloda-ipari versenye, a The World Luxury Hotel Awards a Kelet-Eur\u00f3pa legjobb Luxury Adult Only Boutique Hotel d\u00edjat \u00edt\u00e9lte oda a balatonf\u00fcredi Petit Bois hotelnek. A sz\u00e1lloda bels\u0151\u00e9p\u00edt\u00e9szeti koncepci\u00f3j\u00e1t az este&#8217;r partners k\u00e9sz\u00edtette, a Laki Csoport \u00e9s az ARX \u00c9p\u00edt\u00e9sziroda partnerek\u00e9nt. A h\u00edrr\u0151l az Octogon magazin is<\/p>\n\t\t<\/div>\n\t\t\n\t\t<a class=\"elementor-post__read-more\" href=\"https:\/\/www.esterpartners.com\/hu\/a-regio-legjobbja-a-petit-bois-fured\/\" aria-label=\"Read more about A r\u00e9gi\u00f3 legjobbja A Petit Bois F\u00fcred\" tabindex=\"-1\" >\n\t\t\tTOV\u00c1BB OLVASOM\t\t<\/a>\n\n\t\t\t\t<\/div>\n\t\t\t\t\t<\/div>\n\t\t<\/article>\n\t\t\t\t<article class=\"elementor-post elementor-grid-item post-33440 post type-post status-publish format-standard has-post-thumbnail hentry category-esemenyek category-magazin tag-magyar\" role=\"listitem\">\n\t\t\t<div class=\"elementor-post__card\">\n\t\t\t\t<a class=\"elementor-post__thumbnail__link\" href=\"https:\/\/www.esterpartners.com\/hu\/emilgroup-project-awards-2025-rovid-videoban-az-winner-prestige-category\/\" tabindex=\"-1\" ><div class=\"elementor-post__thumbnail\"><img loading=\"lazy\" decoding=\"async\" width=\"580\" height=\"281\" src=\"https:\/\/www.esterpartners.com\/wp-content\/uploads\/2026\/01\/EMILGROUP-CERSAIE-2025-giorno-1-4170-1024x496.jpg\" class=\"attachment-large size-large wp-image-33268\" alt=\"\" srcset=\"https:\/\/www.esterpartners.com\/wp-content\/uploads\/2026\/01\/EMILGROUP-CERSAIE-2025-giorno-1-4170-1024x496.jpg 1024w, https:\/\/www.esterpartners.com\/wp-content\/uploads\/2026\/01\/EMILGROUP-CERSAIE-2025-giorno-1-4170-300x145.jpg 300w, https:\/\/www.esterpartners.com\/wp-content\/uploads\/2026\/01\/EMILGROUP-CERSAIE-2025-giorno-1-4170-768x372.jpg 768w, https:\/\/www.esterpartners.com\/wp-content\/uploads\/2026\/01\/EMILGROUP-CERSAIE-2025-giorno-1-4170-1536x744.jpg 1536w, https:\/\/www.esterpartners.com\/wp-content\/uploads\/2026\/01\/EMILGROUP-CERSAIE-2025-giorno-1-4170-2048x993.jpg 2048w, https:\/\/www.esterpartners.com\/wp-content\/uploads\/2026\/01\/EMILGROUP-CERSAIE-2025-giorno-1-4170-18x9.jpg 18w, https:\/\/www.esterpartners.com\/wp-content\/uploads\/2026\/01\/EMILGROUP-CERSAIE-2025-giorno-1-4170-1200x582.jpg 1200w, https:\/\/www.esterpartners.com\/wp-content\/uploads\/2026\/01\/EMILGROUP-CERSAIE-2025-giorno-1-4170-1980x960.jpg 1980w\" sizes=\"(max-width: 580px) 100vw, 580px\" \/><\/div><\/a>\n\t\t\t\t<div class=\"elementor-post__badge\">Esem\u00e9nyek<\/div>\n\t\t\t\t<div class=\"elementor-post__text\">\n\t\t\t\t<h3 class=\"elementor-post__title\">\n\t\t\t<a href=\"https:\/\/www.esterpartners.com\/hu\/emilgroup-project-awards-2025-rovid-videoban-az-winner-prestige-category\/\" >\n\t\t\t\tEmilgroup Project Awards 2025 \u2013 r\u00f6vid vide\u00f3ban az Winner Prestige Category\t\t\t<\/a>\n\t\t<\/h3>\n\t\t\t\t<div class=\"elementor-post__excerpt\">\n\t\t\t<p>Az aj\u00e1nl\u00e1sb\u00f3l: &#8220;Az eleg\u00e1ns \u00f6tcsillagos Petit Bois F\u00fcred sz\u00e1lloda, amelyet az este\u2019r partners, az ARX Architects \u00e9s a Laki Zrt. tervezett, egy t\u00f6rt\u00e9nelmi \u00e9p\u00fcletet \u00faj\u00edt fel a sz\u00e9ps\u00e9g \u00e9s a pompa t\u00f6k\u00e9letes kombin\u00e1ci\u00f3j\u00e1val. Ebben a k\u00f6rnyezetben az Emilgroup Provenza Unique Travertine kollekci\u00f3 a kort\u00e1rs elemekkel kieg\u00e9sz\u00edtve fokozza a terek sz\u00e9ps\u00e9g\u00e9t<\/p>\n\t\t<\/div>\n\t\t\n\t\t<a class=\"elementor-post__read-more\" href=\"https:\/\/www.esterpartners.com\/hu\/emilgroup-project-awards-2025-rovid-videoban-az-winner-prestige-category\/\" aria-label=\"Read more about Emilgroup Project Awards 2025 \u2013 r\u00f6vid vide\u00f3ban az Winner Prestige Category\" tabindex=\"-1\" >\n\t\t\tTOV\u00c1BB OLVASOM\t\t<\/a>\n\n\t\t\t\t<\/div>\n\t\t\t\t\t<\/div>\n\t\t<\/article>\n\t\t\t\t<article class=\"elementor-post elementor-grid-item post-33435 post type-post status-publish format-standard has-post-thumbnail hentry category-esemenyek category-magazin tag-magyar\" role=\"listitem\">\n\t\t\t<div class=\"elementor-post__card\">\n\t\t\t\t<a class=\"elementor-post__thumbnail__link\" href=\"https:\/\/www.esterpartners.com\/hu\/nemzetkozi-dijat-nyert-az-ester-partners\/\" tabindex=\"-1\" ><div class=\"elementor-post__thumbnail\"><img loading=\"lazy\" decoding=\"async\" width=\"580\" height=\"435\" src=\"https:\/\/www.esterpartners.com\/wp-content\/uploads\/2026\/01\/Premiati-e-Board-1024x768.jpeg\" class=\"attachment-large size-large wp-image-33254\" alt=\"\" srcset=\"https:\/\/www.esterpartners.com\/wp-content\/uploads\/2026\/01\/Premiati-e-Board-1024x768.jpeg 1024w, https:\/\/www.esterpartners.com\/wp-content\/uploads\/2026\/01\/Premiati-e-Board-300x225.jpeg 300w, https:\/\/www.esterpartners.com\/wp-content\/uploads\/2026\/01\/Premiati-e-Board-768x576.jpeg 768w, https:\/\/www.esterpartners.com\/wp-content\/uploads\/2026\/01\/Premiati-e-Board-1536x1152.jpeg 1536w, https:\/\/www.esterpartners.com\/wp-content\/uploads\/2026\/01\/Premiati-e-Board-16x12.jpeg 16w, https:\/\/www.esterpartners.com\/wp-content\/uploads\/2026\/01\/Premiati-e-Board-1200x900.jpeg 1200w, https:\/\/www.esterpartners.com\/wp-content\/uploads\/2026\/01\/Premiati-e-Board-1980x1485.jpeg 1980w, https:\/\/www.esterpartners.com\/wp-content\/uploads\/2026\/01\/Premiati-e-Board.jpeg 2048w\" sizes=\"(max-width: 580px) 100vw, 580px\" \/><\/div><\/a>\n\t\t\t\t<div class=\"elementor-post__badge\">Esem\u00e9nyek<\/div>\n\t\t\t\t<div class=\"elementor-post__text\">\n\t\t\t\t<h3 class=\"elementor-post__title\">\n\t\t\t<a href=\"https:\/\/www.esterpartners.com\/hu\/nemzetkozi-dijat-nyert-az-ester-partners\/\" >\n\t\t\t\tNemzetk\u00f6zi d\u00edjat nyert az este&#8217;r partners\t\t\t<\/a>\n\t\t<\/h3>\n\t\t\t\t<div class=\"elementor-post__excerpt\">\n\t\t\t<p>Kihirdette idei d\u00edjazottjait a milan\u00f3i \ud835\udde1\ud835\uddd8\ud835\uddea\ud835\udddb \ud835\udde7\ud835\uddfc\ud835\uddfd \ud835\udddc\ud835\uddd7 \ud835\uddd4\ud835\ude04\ud835\uddee\ud835\uddff\ud835\uddf1 \ud835\udfee\ud835\udfec\ud835\udfee\ud835\udff2, amelyek k\u00f6z\u00f6tt az este&#8217;r partners is szerepelt. A nemzetk\u00f6zi NEWH Top ID Award azokat az alkot\u00f3kat \u00e9s munk\u00e1kat \u00fcnnepli a sz\u00e1llodaipar \u00e9s vend\u00e9gl\u00e1t\u00e1s-tervez\u00e9s ter\u00fclet\u00e9n, amelyek az egyedis\u00e9get, a megval\u00f3s\u00edthat\u00f3s\u00e1got \u00e9s az \u00e9rt\u00e9kteremt\u00e9st tartj\u00e1k szem el\u0151tt. A d\u00edj\u00e1tad\u00f3n k\u00e9t id\u00e9n \u00e1tadott<\/p>\n\t\t<\/div>\n\t\t\n\t\t<a class=\"elementor-post__read-more\" href=\"https:\/\/www.esterpartners.com\/hu\/nemzetkozi-dijat-nyert-az-ester-partners\/\" aria-label=\"Read more about Nemzetk\u00f6zi d\u00edjat nyert az este&#8217;r partners\" tabindex=\"-1\" >\n\t\t\tTOV\u00c1BB OLVASOM\t\t<\/a>\n\n\t\t\t\t<\/div>\n\t\t\t\t\t<\/div>\n\t\t<\/article>\n\t\t\t\t<article class=\"elementor-post elementor-grid-item post-33427 post type-post status-publish format-standard has-post-thumbnail hentry category-interview category-magazin tag-magyar\" role=\"listitem\">\n\t\t\t<div class=\"elementor-post__card\">\n\t\t\t\t<a class=\"elementor-post__thumbnail__link\" href=\"https:\/\/www.esterpartners.com\/hu\/az-accor-videojaban-radnoczy-eszter-es-a-tribe-airport-hotel\/\" tabindex=\"-1\" ><div class=\"elementor-post__thumbnail\"><img loading=\"lazy\" decoding=\"async\" width=\"580\" height=\"327\" src=\"https:\/\/www.esterpartners.com\/wp-content\/uploads\/2026\/01\/Kepernyokep-2026-01-08-125943-1024x577.png\" class=\"attachment-large size-large wp-image-33240\" alt=\"\" srcset=\"https:\/\/www.esterpartners.com\/wp-content\/uploads\/2026\/01\/Kepernyokep-2026-01-08-125943-1024x577.png 1024w, https:\/\/www.esterpartners.com\/wp-content\/uploads\/2026\/01\/Kepernyokep-2026-01-08-125943-300x169.png 300w, https:\/\/www.esterpartners.com\/wp-content\/uploads\/2026\/01\/Kepernyokep-2026-01-08-125943-768x433.png 768w, https:\/\/www.esterpartners.com\/wp-content\/uploads\/2026\/01\/Kepernyokep-2026-01-08-125943-1536x865.png 1536w, https:\/\/www.esterpartners.com\/wp-content\/uploads\/2026\/01\/Kepernyokep-2026-01-08-125943-18x10.png 18w, https:\/\/www.esterpartners.com\/wp-content\/uploads\/2026\/01\/Kepernyokep-2026-01-08-125943-1200x676.png 1200w, https:\/\/www.esterpartners.com\/wp-content\/uploads\/2026\/01\/Kepernyokep-2026-01-08-125943.png 1915w\" sizes=\"(max-width: 580px) 100vw, 580px\" \/><\/div><\/a>\n\t\t\t\t<div class=\"elementor-post__badge\">Interj\u00fa<\/div>\n\t\t\t\t<div class=\"elementor-post__text\">\n\t\t\t\t<h3 class=\"elementor-post__title\">\n\t\t\t<a href=\"https:\/\/www.esterpartners.com\/hu\/az-accor-videojaban-radnoczy-eszter-es-a-tribe-airport-hotel\/\" >\n\t\t\t\tAz Accor vide\u00f3j\u00e1ban Radn\u00f3czy Eszter \u00e9s a Tribe Airport Hotel\t\t\t<\/a>\n\t\t<\/h3>\n\t\t\t\t<div class=\"elementor-post__excerpt\">\n\t\t\t<p>Hatalmas megtiszteltet\u00e9s \u00e9rte st\u00fadi\u00f3nkat, amikor Radn\u00f3czy Eszter felk\u00e9r\u00e9st kapott, hogy a nemzetk\u00f6zi Design&amp;Me vide\u00f3csatorna leg\u00fajabb ad\u00e1s\u00e1ban mes\u00e9ljen a TRIBE Budapest Airport hotel tervez\u00e9s\u00e9r\u0151l \u00e9s megval\u00f3sul\u00e1s\u00e1r\u00f3l. Az Accor szervez\u00e9s\u00e9ben megval\u00f3sul\u00f3 kisfilmben sz\u00e1mtalan \u00e9rdekess\u00e9g elhangzik a sz\u00e1llodaprojektr\u0151l, a besz\u00e9lget\u0151t\u00e1rs Patai Gabriella, az Accor Kelet-Eur\u00f3p\u00e1\u00e9rt felel\u0151s design igazgat\u00f3ja. \u00a0 Mit jelent sz\u00e1modra a<\/p>\n\t\t<\/div>\n\t\t\n\t\t<a class=\"elementor-post__read-more\" href=\"https:\/\/www.esterpartners.com\/hu\/az-accor-videojaban-radnoczy-eszter-es-a-tribe-airport-hotel\/\" aria-label=\"Read more about Az Accor vide\u00f3j\u00e1ban Radn\u00f3czy Eszter \u00e9s a Tribe Airport Hotel\" tabindex=\"-1\" >\n\t\t\tTOV\u00c1BB OLVASOM\t\t<\/a>\n\n\t\t\t\t<\/div>\n\t\t\t\t\t<\/div>\n\t\t<\/article>\n\t\t\t\t<article class=\"elementor-post elementor-grid-item post-33418 post type-post status-publish format-standard has-post-thumbnail hentry category-interview category-magazin tag-magyar\" role=\"listitem\">\n\t\t\t<div class=\"elementor-post__card\">\n\t\t\t\t<a class=\"elementor-post__thumbnail__link\" href=\"https:\/\/www.esterpartners.com\/hu\/vedjegye-a-lendulet-es-rugalmassag\/\" tabindex=\"-1\" ><div class=\"elementor-post__thumbnail\"><img loading=\"lazy\" decoding=\"async\" width=\"580\" height=\"305\" src=\"https:\/\/www.esterpartners.com\/wp-content\/uploads\/2025\/12\/EM0C5184-scaled-e1767865854808-1024x539.jpg\" class=\"attachment-large size-large wp-image-33145\" alt=\"\" srcset=\"https:\/\/www.esterpartners.com\/wp-content\/uploads\/2025\/12\/EM0C5184-scaled-e1767865854808-1024x539.jpg 1024w, https:\/\/www.esterpartners.com\/wp-content\/uploads\/2025\/12\/EM0C5184-scaled-e1767865854808-300x158.jpg 300w, https:\/\/www.esterpartners.com\/wp-content\/uploads\/2025\/12\/EM0C5184-scaled-e1767865854808-768x404.jpg 768w, https:\/\/www.esterpartners.com\/wp-content\/uploads\/2025\/12\/EM0C5184-scaled-e1767865854808-1536x809.jpg 1536w, https:\/\/www.esterpartners.com\/wp-content\/uploads\/2025\/12\/EM0C5184-scaled-e1767865854808-2048x1078.jpg 2048w, https:\/\/www.esterpartners.com\/wp-content\/uploads\/2025\/12\/EM0C5184-scaled-e1767865854808-18x9.jpg 18w, https:\/\/www.esterpartners.com\/wp-content\/uploads\/2025\/12\/EM0C5184-scaled-e1767865854808-1200x632.jpg 1200w, https:\/\/www.esterpartners.com\/wp-content\/uploads\/2025\/12\/EM0C5184-scaled-e1767865854808-1980x1043.jpg 1980w\" sizes=\"(max-width: 580px) 100vw, 580px\" \/><\/div><\/a>\n\t\t\t\t<div class=\"elementor-post__badge\">Interj\u00fa<\/div>\n\t\t\t\t<div class=\"elementor-post__text\">\n\t\t\t\t<h3 class=\"elementor-post__title\">\n\t\t\t<a href=\"https:\/\/www.esterpartners.com\/hu\/vedjegye-a-lendulet-es-rugalmassag\/\" >\n\t\t\t\tV\u00e9djegye a lend\u00fclet \u00e9s rugalmass\u00e1g\t\t\t<\/a>\n\t\t<\/h3>\n\t\t\t\t<div class=\"elementor-post__excerpt\">\n\t\t\t<p>Az Art is Business oldal\u00e1n interj\u00fa jelent meg Radn\u00f3czy Eszter bels\u0151\u00e9p\u00edt\u00e9sszel. \u201eImm\u00e1r h\u00fasz \u00e9ve tev\u00e9kenykedik az olasz\u2013magyar kapcsolatrendszereket is er\u0151s\u00edt\u0151 este\u2019r partners bels\u0151\u00e9p\u00edt\u00e9sz-iroda vezet\u0151jek\u00e9nt Radn\u00f3czy Eszter. A val\u00f3di partneri viszonyra t\u00f6rekv\u0151 \u00e9p\u00edt\u00e9szm\u0171hely sz\u00e1mtalan hazai \u00e9s k\u00fclhoni sikerrel is b\u00fcszk\u00e9lkedhet D\u00e1ni\u00e1t\u00f3l N\u00e9metorsz\u00e1gig, el\u00e9g, ha csak n\u00e9h\u00e1ny p\u00e9ld\u00e1t id\u00e9z\u00fcnk: a nemr\u00e9g ny\u00edlt<\/p>\n\t\t<\/div>\n\t\t\n\t\t<a class=\"elementor-post__read-more\" href=\"https:\/\/www.esterpartners.com\/hu\/vedjegye-a-lendulet-es-rugalmassag\/\" aria-label=\"Read more about V\u00e9djegye a lend\u00fclet \u00e9s rugalmass\u00e1g\" tabindex=\"-1\" >\n\t\t\tTOV\u00c1BB OLVASOM\t\t<\/a>\n\n\t\t\t\t<\/div>\n\t\t\t\t\t<\/div>\n\t\t<\/article>\n\t\t\t\t<article class=\"elementor-post elementor-grid-item post-33410 post type-post status-publish format-standard has-post-thumbnail hentry category-interview category-magazin tag-magyar\" role=\"listitem\">\n\t\t\t<div class=\"elementor-post__card\">\n\t\t\t\t<a class=\"elementor-post__thumbnail__link\" href=\"https:\/\/www.esterpartners.com\/hu\/evindito-beszelgetes-radnoczy-eszterrel\/\" tabindex=\"-1\" ><div class=\"elementor-post__thumbnail\"><img loading=\"lazy\" decoding=\"async\" width=\"580\" height=\"387\" src=\"https:\/\/www.esterpartners.com\/wp-content\/uploads\/2026\/01\/EM0C6185-1024x683.jpg\" class=\"attachment-large size-large wp-image-33342\" alt=\"\" srcset=\"https:\/\/www.esterpartners.com\/wp-content\/uploads\/2026\/01\/EM0C6185-1024x683.jpg 1024w, https:\/\/www.esterpartners.com\/wp-content\/uploads\/2026\/01\/EM0C6185-300x200.jpg 300w, https:\/\/www.esterpartners.com\/wp-content\/uploads\/2026\/01\/EM0C6185-768x512.jpg 768w, https:\/\/www.esterpartners.com\/wp-content\/uploads\/2026\/01\/EM0C6185-1536x1024.jpg 1536w, https:\/\/www.esterpartners.com\/wp-content\/uploads\/2026\/01\/EM0C6185-2048x1366.jpg 2048w, https:\/\/www.esterpartners.com\/wp-content\/uploads\/2026\/01\/EM0C6185-18x12.jpg 18w, https:\/\/www.esterpartners.com\/wp-content\/uploads\/2026\/01\/EM0C6185-1200x800.jpg 1200w, https:\/\/www.esterpartners.com\/wp-content\/uploads\/2026\/01\/EM0C6185-1980x1320.jpg 1980w\" sizes=\"(max-width: 580px) 100vw, 580px\" \/><\/div><\/a>\n\t\t\t\t<div class=\"elementor-post__badge\">Interj\u00fa<\/div>\n\t\t\t\t<div class=\"elementor-post__text\">\n\t\t\t\t<h3 class=\"elementor-post__title\">\n\t\t\t<a href=\"https:\/\/www.esterpartners.com\/hu\/evindito-beszelgetes-radnoczy-eszterrel\/\" >\n\t\t\t\t\u00c9vind\u00edt\u00f3 besz\u00e9lget\u00e9s Radn\u00f3czy Eszterrel\t\t\t<\/a>\n\t\t<\/h3>\n\t\t\t\t<div class=\"elementor-post__excerpt\">\n\t\t\t<p>2025 utols\u00f3 het\u00e9ben besz\u00e9lget\u00fcnk &#8211; milyen hangulatban z\u00e1rja az \u00e9vet az este&#8217;r partners?\u00a0 R.E.: Nagyon s\u0171r\u0171, dolgos \u00e9v \u00e1ll m\u00f6g\u00f6tt\u00fck. Sikeresen z\u00e1rjuk az \u00e9vet, b\u00fcszk\u00e9lkedhet\u00fcnk k\u00e9t \u00faj hotelnyit\u00e1ssal \u00e9s t\u00f6bb ingatlanfejleszt\u00e9si projekthez adtuk hozz\u00e1 kreat\u00edv \u00e9s szakmai munk\u00e1nkat. K\u00fcl\u00f6n \u00f6r\u00f6m, hogy nemcsak a tervez\u00e9sben, hanem a projektek megval\u00f3s\u00edt\u00e1s\u00e1ban is nagy<\/p>\n\t\t<\/div>\n\t\t\n\t\t<a class=\"elementor-post__read-more\" href=\"https:\/\/www.esterpartners.com\/hu\/evindito-beszelgetes-radnoczy-eszterrel\/\" aria-label=\"Read more about \u00c9vind\u00edt\u00f3 besz\u00e9lget\u00e9s Radn\u00f3czy Eszterrel\" tabindex=\"-1\" >\n\t\t\tTOV\u00c1BB OLVASOM\t\t<\/a>\n\n\t\t\t\t<\/div>\n\t\t\t\t\t<\/div>\n\t\t<\/article>\n\t\t\t\t<article class=\"elementor-post elementor-grid-item post-30099 post type-post status-publish format-standard has-post-thumbnail hentry category-blog category-kivitelezes category-magazin tag-magyar\" role=\"listitem\">\n\t\t\t<div class=\"elementor-post__card\">\n\t\t\t\t<a class=\"elementor-post__thumbnail__link\" href=\"https:\/\/www.esterpartners.com\/hu\/kepgalerian-a-producer-haza-kortars-luxusvilla-az-ester-partners-tervezeseben\/\" tabindex=\"-1\" ><div class=\"elementor-post__thumbnail\"><img loading=\"lazy\" decoding=\"async\" width=\"580\" height=\"387\" src=\"https:\/\/www.esterpartners.com\/wp-content\/uploads\/2024\/07\/erdoalja-6077e-1-1024x683.jpg\" class=\"attachment-large size-large wp-image-30128\" alt=\"\" srcset=\"https:\/\/www.esterpartners.com\/wp-content\/uploads\/2024\/07\/erdoalja-6077e-1-1024x683.jpg 1024w, https:\/\/www.esterpartners.com\/wp-content\/uploads\/2024\/07\/erdoalja-6077e-1-300x200.jpg 300w, https:\/\/www.esterpartners.com\/wp-content\/uploads\/2024\/07\/erdoalja-6077e-1-768x512.jpg 768w, https:\/\/www.esterpartners.com\/wp-content\/uploads\/2024\/07\/erdoalja-6077e-1-1536x1024.jpg 1536w, https:\/\/www.esterpartners.com\/wp-content\/uploads\/2024\/07\/erdoalja-6077e-1-18x12.jpg 18w, https:\/\/www.esterpartners.com\/wp-content\/uploads\/2024\/07\/erdoalja-6077e-1-1200x800.jpg 1200w, https:\/\/www.esterpartners.com\/wp-content\/uploads\/2024\/07\/erdoalja-6077e-1.jpg 1920w\" sizes=\"(max-width: 580px) 100vw, 580px\" \/><\/div><\/a>\n\t\t\t\t<div class=\"elementor-post__badge\">blog<\/div>\n\t\t\t\t<div class=\"elementor-post__text\">\n\t\t\t\t<h3 class=\"elementor-post__title\">\n\t\t\t<a href=\"https:\/\/www.esterpartners.com\/hu\/kepgalerian-a-producer-haza-kortars-luxusvilla-az-ester-partners-tervezeseben\/\" >\n\t\t\t\tK\u00e9pgal\u00e9ri\u00e1n a producer h\u00e1za: kort\u00e1rs luxusvilla az este\u2019r partners tervez\u00e9s\u00e9ben\t\t\t<\/a>\n\t\t<\/h3>\n\t\t\t\t<div class=\"elementor-post__excerpt\">\n\t\t\t<p>A budai hegyek k\u00f6z\u00f6tt, erd\u0151k \u00f6lel\u00e9s\u00e9ben tal\u00e1lhat\u00f3 ingatlant v\u00e1lasztott mag\u00e1nak a sikeres nemzetk\u00f6zi filmproducer: az \u00faj otthon bels\u0151\u00e9p\u00edt\u00e9szeti terveit az este\u2019r partners iroda k\u00e9sz\u00edtette el. \u201eReduk\u00e1lt, fekete-feh\u00e9r vil\u00e1got \u00e9p\u00edtett\u00fcnk megrendel\u0151nk, a sikeres filmipari szakember sz\u00e1m\u00e1ra. Az els\u0151 tal\u00e1lkoz\u00e1sokkor kider\u00fclt: nemcsak kedveli, de gy\u0171jti is a k\u00fcl\u00f6nleges alkot\u00e1sokat, rajong\u00f3ja a wall<\/p>\n\t\t<\/div>\n\t\t\n\t\t<a class=\"elementor-post__read-more\" href=\"https:\/\/www.esterpartners.com\/hu\/kepgalerian-a-producer-haza-kortars-luxusvilla-az-ester-partners-tervezeseben\/\" aria-label=\"Read more about K\u00e9pgal\u00e9ri\u00e1n a producer h\u00e1za: kort\u00e1rs luxusvilla az este\u2019r partners tervez\u00e9s\u00e9ben\" tabindex=\"-1\" >\n\t\t\tTOV\u00c1BB OLVASOM\t\t<\/a>\n\n\t\t\t\t<\/div>\n\t\t\t\t\t<\/div>\n\t\t<\/article>\n\t\t\t\t<article class=\"elementor-post elementor-grid-item post-28902 post type-post status-publish format-standard has-post-thumbnail hentry category-kivitelezes category-magazin tag-magyar\" role=\"listitem\">\n\t\t\t<div class=\"elementor-post__card\">\n\t\t\t\t<a class=\"elementor-post__thumbnail__link\" href=\"https:\/\/www.esterpartners.com\/hu\/kepgaleria-ilyen-lett-a-megujult-balatonkenesei-hotel-marina-port\/\" tabindex=\"-1\" ><div class=\"elementor-post__thumbnail\"><img loading=\"lazy\" decoding=\"async\" width=\"580\" height=\"396\" src=\"https:\/\/www.esterpartners.com\/wp-content\/uploads\/2024\/06\/240521-VIL1-146-1024x699.jpg\" class=\"attachment-large size-large wp-image-28934\" alt=\"\" srcset=\"https:\/\/www.esterpartners.com\/wp-content\/uploads\/2024\/06\/240521-VIL1-146-1024x699.jpg 1024w, https:\/\/www.esterpartners.com\/wp-content\/uploads\/2024\/06\/240521-VIL1-146-300x205.jpg 300w, https:\/\/www.esterpartners.com\/wp-content\/uploads\/2024\/06\/240521-VIL1-146-768x524.jpg 768w, https:\/\/www.esterpartners.com\/wp-content\/uploads\/2024\/06\/240521-VIL1-146-1536x1048.jpg 1536w, https:\/\/www.esterpartners.com\/wp-content\/uploads\/2024\/06\/240521-VIL1-146-18x12.jpg 18w, https:\/\/www.esterpartners.com\/wp-content\/uploads\/2024\/06\/240521-VIL1-146-1200x819.jpg 1200w, https:\/\/www.esterpartners.com\/wp-content\/uploads\/2024\/06\/240521-VIL1-146-1980x1351.jpg 1980w, https:\/\/www.esterpartners.com\/wp-content\/uploads\/2024\/06\/240521-VIL1-146.jpg 2000w\" sizes=\"(max-width: 580px) 100vw, 580px\" \/><\/div><\/a>\n\t\t\t\t<div class=\"elementor-post__badge\">Kivitelez\u00e9s<\/div>\n\t\t\t\t<div class=\"elementor-post__text\">\n\t\t\t\t<h3 class=\"elementor-post__title\">\n\t\t\t<a href=\"https:\/\/www.esterpartners.com\/hu\/kepgaleria-ilyen-lett-a-megujult-balatonkenesei-hotel-marina-port\/\" >\n\t\t\t\tK\u00e9pgal\u00e9ria: ilyen lett a meg\u00fajult balatonkenesei Hotel Marina-Port\t\t\t<\/a>\n\t\t<\/h3>\n\t\t\t\t<div class=\"elementor-post__excerpt\">\n\t\t\t<p>A Balaton egyik legkedveltebb, csal\u00e1dbar\u00e1t sz\u00e1llodakomplexum\u00e1nak friss bels\u0151\u00e9p\u00edt\u00e9szeti koncepci\u00f3ja val\u00f3sult meg az este&#8217;r partners tervez\u00e9s\u00e9ben. A sz\u00e1lloda a ny\u00e1ri szezonban m\u00e1r meg\u00fajult lobby-val \u00e9s k\u00f6z\u00f6ss\u00e9gi terekkel v\u00e1rja a vend\u00e9geket, a fejleszt\u00e9s k\u00e9s\u0151bb a sz\u00e1lloda tov\u00e1bbi tereivel folytat\u00f3dik. A most meg\u00fajult hotel organikus bels\u0151 terei a term\u00e9szetk\u00f6zelis\u00e9get hangs\u00falyozz\u00e1k, hiszen a sz\u00e1llodakomplexum<\/p>\n\t\t<\/div>\n\t\t\n\t\t<a class=\"elementor-post__read-more\" href=\"https:\/\/www.esterpartners.com\/hu\/kepgaleria-ilyen-lett-a-megujult-balatonkenesei-hotel-marina-port\/\" aria-label=\"Read more about K\u00e9pgal\u00e9ria: ilyen lett a meg\u00fajult balatonkenesei Hotel Marina-Port\" tabindex=\"-1\" >\n\t\t\tTOV\u00c1BB OLVASOM\t\t<\/a>\n\n\t\t\t\t<\/div>\n\t\t\t\t\t<\/div>\n\t\t<\/article>\n\t\t\t\t<article class=\"elementor-post elementor-grid-item post-27219 post type-post status-publish format-standard has-post-thumbnail hentry category-rolunk tag-magyar\" role=\"listitem\">\n\t\t\t<div class=\"elementor-post__card\">\n\t\t\t\t<a class=\"elementor-post__thumbnail__link\" href=\"https:\/\/www.esterpartners.com\/hu\/eszter12\/\" tabindex=\"-1\" ><div class=\"elementor-post__thumbnail\"><img loading=\"lazy\" decoding=\"async\" width=\"580\" height=\"387\" src=\"https:\/\/www.esterpartners.com\/wp-content\/uploads\/2024\/01\/231119-VIL1-033-1024x683.jpg\" class=\"attachment-large size-large wp-image-27220\" alt=\"\" srcset=\"https:\/\/www.esterpartners.com\/wp-content\/uploads\/2024\/01\/231119-VIL1-033-1024x683.jpg 1024w, https:\/\/www.esterpartners.com\/wp-content\/uploads\/2024\/01\/231119-VIL1-033-300x200.jpg 300w, https:\/\/www.esterpartners.com\/wp-content\/uploads\/2024\/01\/231119-VIL1-033-768x512.jpg 768w, https:\/\/www.esterpartners.com\/wp-content\/uploads\/2024\/01\/231119-VIL1-033-18x12.jpg 18w, https:\/\/www.esterpartners.com\/wp-content\/uploads\/2024\/01\/231119-VIL1-033-1200x800.jpg 1200w, https:\/\/www.esterpartners.com\/wp-content\/uploads\/2024\/01\/231119-VIL1-033.jpg 1500w\" sizes=\"(max-width: 580px) 100vw, 580px\" \/><\/div><\/a>\n\t\t\t\t<div class=\"elementor-post__badge\">R\u00f3lunk<\/div>\n\t\t\t\t<div class=\"elementor-post__text\">\n\t\t\t\t<h3 class=\"elementor-post__title\">\n\t\t\t<a href=\"https:\/\/www.esterpartners.com\/hu\/eszter12\/\" >\n\t\t\t\tEszter12\t\t\t<\/a>\n\t\t<\/h3>\n\t\t\t\t<div class=\"elementor-post__excerpt\">\n\t\t\t<p>Tizenk\u00e9t t\u00e9ma, tizenk\u00e9t \u00e9v\u00f6sszegz\u0151 \u00e9s \u00e9vind\u00edt\u00f3 gondolat Radn\u00f3czy Esztert\u0151l: boldog \u00faj \u00e9vet k\u00edv\u00e1n az este\u2019r partners \u00e9s az Estorio csapata! 2023. 2023 a folytat\u00e1s, elm\u00e9ly\u00fcl\u00e9s, struktur\u00e1l\u00e1s \u00e9ve volt. A bels\u0151\u00e9p\u00edt\u00e9szet ter\u00fclet\u00e9n neh\u00e9z az eredm\u00e9nyeket \u00e9s a folyamatokat \u00e9vekre bontani, az este\u2019r partners szakmai \u00e9let\u00e9t ink\u00e1bb n\u00e9h\u00e1ny \u00e9ves peri\u00f3dusokban szeretem \u00e9rt\u00e9kelni.<\/p>\n\t\t<\/div>\n\t\t\n\t\t<a class=\"elementor-post__read-more\" href=\"https:\/\/www.esterpartners.com\/hu\/eszter12\/\" aria-label=\"Read more about Eszter12\" tabindex=\"-1\" >\n\t\t\tTOV\u00c1BB OLVASOM\t\t<\/a>\n\n\t\t\t\t<\/div>\n\t\t\t\t\t<\/div>\n\t\t<\/article>\n\t\t\t\t<article class=\"elementor-post elementor-grid-item post-27153 post type-post status-publish format-standard has-post-thumbnail hentry category-kivitelezes tag-magyar\" role=\"listitem\">\n\t\t\t<div class=\"elementor-post__card\">\n\t\t\t\t<a class=\"elementor-post__thumbnail__link\" href=\"https:\/\/www.esterpartners.com\/hu\/flow-elmeny-es-friss-design-a-duna-partjan-megnyitott-a-zazie\/\" tabindex=\"-1\" ><div class=\"elementor-post__thumbnail\"><img loading=\"lazy\" decoding=\"async\" width=\"580\" height=\"379\" src=\"https:\/\/www.esterpartners.com\/wp-content\/uploads\/2023\/11\/231119-VIL1-135-1024x669.jpg\" class=\"attachment-large size-large wp-image-27162\" alt=\"\" srcset=\"https:\/\/www.esterpartners.com\/wp-content\/uploads\/2023\/11\/231119-VIL1-135-1024x669.jpg 1024w, https:\/\/www.esterpartners.com\/wp-content\/uploads\/2023\/11\/231119-VIL1-135-300x196.jpg 300w, https:\/\/www.esterpartners.com\/wp-content\/uploads\/2023\/11\/231119-VIL1-135-768x502.jpg 768w, https:\/\/www.esterpartners.com\/wp-content\/uploads\/2023\/11\/231119-VIL1-135-18x12.jpg 18w, https:\/\/www.esterpartners.com\/wp-content\/uploads\/2023\/11\/231119-VIL1-135-1200x784.jpg 1200w, https:\/\/www.esterpartners.com\/wp-content\/uploads\/2023\/11\/231119-VIL1-135.jpg 1500w\" sizes=\"(max-width: 580px) 100vw, 580px\" \/><\/div><\/a>\n\t\t\t\t<div class=\"elementor-post__badge\">Kivitelez\u00e9s<\/div>\n\t\t\t\t<div class=\"elementor-post__text\">\n\t\t\t\t<h3 class=\"elementor-post__title\">\n\t\t\t<a href=\"https:\/\/www.esterpartners.com\/hu\/flow-elmeny-es-friss-design-a-duna-partjan-megnyitott-a-zazie\/\" >\n\t\t\t\tFlow-\u00e9lm\u00e9ny \u00e9s friss design a Duna partj\u00e1n: megnyitott a Zazie\t\t\t<\/a>\n\t\t<\/h3>\n\t\t\t\t<div class=\"elementor-post__excerpt\">\n\t\t\t<p>Az este\u2019r partners bels\u0151\u00e9p\u00edt\u00e9szeti koncepci\u00f3ja alapj\u00e1n val\u00f3sult meg a Mol Campus \u00faj \u00e9tterme, a Zazie Bistro&amp;Bar. A d\u00e9lel\u0151tt k\u00e1v\u00e9z\u00f3k\u00e9nt, napk\u00f6zben bisztr\u00f3k\u00e9nt, este pedig k\u00f6nnyed hangulat\u00fa b\u00e1rk\u00e9nt m\u0171k\u00f6d\u0151 Zazie tereiben igazi \u00e1raml\u00e1s\u00e9lm\u00e9nyben lehet r\u00e9sz\u00fcnk: a term\u00e9szet nemcsak a nagy \u00fcvegfel\u00fcleteken, de az enteri\u0151rben is bek\u00f6sz\u00f6n, a k\u00e9nyelmes lounge-r\u00e9szen kis \u00f6bl\u00f6kben pihenhet\u00fcnk,<\/p>\n\t\t<\/div>\n\t\t\n\t\t<a class=\"elementor-post__read-more\" href=\"https:\/\/www.esterpartners.com\/hu\/flow-elmeny-es-friss-design-a-duna-partjan-megnyitott-a-zazie\/\" aria-label=\"Read more about Flow-\u00e9lm\u00e9ny \u00e9s friss design a Duna partj\u00e1n: megnyitott a Zazie\" tabindex=\"-1\" >\n\t\t\tTOV\u00c1BB OLVASOM\t\t<\/a>\n\n\t\t\t\t<\/div>\n\t\t\t\t\t<\/div>\n\t\t<\/article>\n\t\t\t\t<article class=\"elementor-post elementor-grid-item post-27138 post type-post status-publish format-standard has-post-thumbnail hentry category-esemenyek tag-magyar\" role=\"listitem\">\n\t\t\t<div class=\"elementor-post__card\">\n\t\t\t\t<a class=\"elementor-post__thumbnail__link\" href=\"https:\/\/www.esterpartners.com\/hu\/az-operahaz-vilaga-inspiralta-a-nyertest-textiltervezesi-palyazatot-hirdetett-az-estorio-es-a-flukso\/\" tabindex=\"-1\" ><div class=\"elementor-post__thumbnail\"><img loading=\"lazy\" decoding=\"async\" width=\"580\" height=\"773\" src=\"https:\/\/www.esterpartners.com\/wp-content\/uploads\/2023\/10\/IMG_8398-768x1024.jpg\" class=\"attachment-large size-large wp-image-27135\" alt=\"\" srcset=\"https:\/\/www.esterpartners.com\/wp-content\/uploads\/2023\/10\/IMG_8398-768x1024.jpg 768w, https:\/\/www.esterpartners.com\/wp-content\/uploads\/2023\/10\/IMG_8398-225x300.jpg 225w, https:\/\/www.esterpartners.com\/wp-content\/uploads\/2023\/10\/IMG_8398-1152x1536.jpg 1152w, https:\/\/www.esterpartners.com\/wp-content\/uploads\/2023\/10\/IMG_8398-1536x2048.jpg 1536w, https:\/\/www.esterpartners.com\/wp-content\/uploads\/2023\/10\/IMG_8398-9x12.jpg 9w, https:\/\/www.esterpartners.com\/wp-content\/uploads\/2023\/10\/IMG_8398-1200x1600.jpg 1200w, https:\/\/www.esterpartners.com\/wp-content\/uploads\/2023\/10\/IMG_8398-1980x2640.jpg 1980w, https:\/\/www.esterpartners.com\/wp-content\/uploads\/2023\/10\/IMG_8398-scaled.jpg 1920w\" sizes=\"(max-width: 580px) 100vw, 580px\" \/><\/div><\/a>\n\t\t\t\t<div class=\"elementor-post__badge\">Esem\u00e9nyek<\/div>\n\t\t\t\t<div class=\"elementor-post__text\">\n\t\t\t\t<h3 class=\"elementor-post__title\">\n\t\t\t<a href=\"https:\/\/www.esterpartners.com\/hu\/az-operahaz-vilaga-inspiralta-a-nyertest-textiltervezesi-palyazatot-hirdetett-az-estorio-es-a-flukso\/\" >\n\t\t\t\tAz Operah\u00e1z vil\u00e1ga inspir\u00e1lta a nyertest: textiltervez\u00e9si p\u00e1ly\u00e1zatot hirdetett az Estorio \u00e9s a Flukso\t\t\t<\/a>\n\t\t<\/h3>\n\t\t\t\t<div class=\"elementor-post__excerpt\">\n\t\t\t<p>The Az id\u00e9n 20 \u00e9ves Budapest Design Week adta a keretet annak a textiltervez\u00e9si p\u00e1ly\u00e1zatnak, amelyet az Estorio showroom \u00e9s Olaszorsz\u00e1g vezet\u0151 textilipari c\u00e9ge, a Flukso k\u00f6z\u00f6sen hirdetett meg. A h\u00e1rom d\u00edjazott okt\u00f3ber 13-\u00e1n d\u00e9lut\u00e1n mutathatta be p\u00e1ly\u00e1zat\u00e1t az \u00e9rdekl\u0151d\u0151knek, az els\u0151 helyezett Cserveny R\u00e9ka munk\u00e1j\u00e1t Radn\u00f3czy Eszter bels\u0151\u00e9p\u00edt\u00e9sz, az<\/p>\n\t\t<\/div>\n\t\t\n\t\t<a class=\"elementor-post__read-more\" href=\"https:\/\/www.esterpartners.com\/hu\/az-operahaz-vilaga-inspiralta-a-nyertest-textiltervezesi-palyazatot-hirdetett-az-estorio-es-a-flukso\/\" aria-label=\"Read more about Az Operah\u00e1z vil\u00e1ga inspir\u00e1lta a nyertest: textiltervez\u00e9si p\u00e1ly\u00e1zatot hirdetett az Estorio \u00e9s a Flukso\" tabindex=\"-1\" >\n\t\t\tTOV\u00c1BB OLVASOM\t\t<\/a>\n\n\t\t\t\t<\/div>\n\t\t\t\t\t<\/div>\n\t\t<\/article>\n\t\t\t\t<article class=\"elementor-post elementor-grid-item post-27041 post type-post status-publish format-standard has-post-thumbnail hentry category-kivitelezes tag-magyar\" role=\"listitem\">\n\t\t\t<div class=\"elementor-post__card\">\n\t\t\t\t<a class=\"elementor-post__thumbnail__link\" href=\"https:\/\/www.esterpartners.com\/hu\/malombol-modern-loft-kepeken-az-ester-partners-munkaja\/\" tabindex=\"-1\" ><div class=\"elementor-post__thumbnail\"><img loading=\"lazy\" decoding=\"async\" width=\"580\" height=\"387\" src=\"https:\/\/www.esterpartners.com\/wp-content\/uploads\/2023\/10\/esterpartners-20-1024x683.jpg\" class=\"attachment-large size-large wp-image-27052\" alt=\"\" srcset=\"https:\/\/www.esterpartners.com\/wp-content\/uploads\/2023\/10\/esterpartners-20-1024x683.jpg 1024w, https:\/\/www.esterpartners.com\/wp-content\/uploads\/2023\/10\/esterpartners-20-300x200.jpg 300w, https:\/\/www.esterpartners.com\/wp-content\/uploads\/2023\/10\/esterpartners-20-768x512.jpg 768w, https:\/\/www.esterpartners.com\/wp-content\/uploads\/2023\/10\/esterpartners-20-1536x1025.jpg 1536w, https:\/\/www.esterpartners.com\/wp-content\/uploads\/2023\/10\/esterpartners-20-2048x1367.jpg 2048w, https:\/\/www.esterpartners.com\/wp-content\/uploads\/2023\/10\/esterpartners-20-18x12.jpg 18w, https:\/\/www.esterpartners.com\/wp-content\/uploads\/2023\/10\/esterpartners-20-1200x801.jpg 1200w, https:\/\/www.esterpartners.com\/wp-content\/uploads\/2023\/10\/esterpartners-20-1980x1321.jpg 1980w\" sizes=\"(max-width: 580px) 100vw, 580px\" \/><\/div><\/a>\n\t\t\t\t<div class=\"elementor-post__badge\">Kivitelez\u00e9s<\/div>\n\t\t\t\t<div class=\"elementor-post__text\">\n\t\t\t\t<h3 class=\"elementor-post__title\">\n\t\t\t<a href=\"https:\/\/www.esterpartners.com\/hu\/malombol-modern-loft-kepeken-az-ester-partners-munkaja\/\" >\n\t\t\t\tMalomb\u00f3l modern loft: k\u00e9peken az este\u2019r partners munk\u00e1ja\t\t\t<\/a>\n\t\t<\/h3>\n\t\t\t\t<div class=\"elementor-post__excerpt\">\n\t\t\t<p>Budapest IX. ker\u00fclet\u00e9nek izgalmas ipari k\u00f6zeg\u00e9ben tervezett high-end lak\u00e1st megrendel\u0151j\u00e9nek az este\u2019r partners k\u00e9sz\u00edtette. A munka r\u00e9szleteir\u0151l Szab\u00f3 Csilla bels\u0151\u00e9p\u00edt\u00e9sz osztott meg \u00e9rdekess\u00e9geket besz\u00e9lget\u00e9s\u00fcnkben. Mi\u00e9rt k\u00fcl\u00f6nleges Budapestnek ez az ipari r\u00e9sze, ahol a most tervezett lak\u00e1s \u00e1ll? Ahogy a t\u00f6rt\u00e9neti le\u00edr\u00e1sokban olvashat\u00f3, a XIX. sz\u00e1zad m\u00e1sodik fel\u00e9ben Budapesten jelent\u0151s m\u00e9rt\u00e9kben<\/p>\n\t\t<\/div>\n\t\t\n\t\t<a class=\"elementor-post__read-more\" href=\"https:\/\/www.esterpartners.com\/hu\/malombol-modern-loft-kepeken-az-ester-partners-munkaja\/\" aria-label=\"Read more about Malomb\u00f3l modern loft: k\u00e9peken az este\u2019r partners munk\u00e1ja\" tabindex=\"-1\" >\n\t\t\tTOV\u00c1BB OLVASOM\t\t<\/a>\n\n\t\t\t\t<\/div>\n\t\t\t\t\t<\/div>\n\t\t<\/article>\n\t\t\t\t<article class=\"elementor-post elementor-grid-item post-27030 post type-post status-publish format-standard has-post-thumbnail hentry category-esemenyek tag-magyar\" role=\"listitem\">\n\t\t\t<div class=\"elementor-post__card\">\n\t\t\t\t<a class=\"elementor-post__thumbnail__link\" href=\"https:\/\/www.esterpartners.com\/hu\/a-ko-orok-a-ko-marad-marmomac-kiallitas-veronaban\/\" tabindex=\"-1\" ><div class=\"elementor-post__thumbnail\"><img loading=\"lazy\" decoding=\"async\" width=\"580\" height=\"435\" src=\"https:\/\/www.esterpartners.com\/wp-content\/uploads\/2023\/10\/7d8bfd6c-b0dc-4e40-aee9-20fa13427760-1024x768.jpg\" class=\"attachment-large size-large wp-image-27033\" alt=\"\" srcset=\"https:\/\/www.esterpartners.com\/wp-content\/uploads\/2023\/10\/7d8bfd6c-b0dc-4e40-aee9-20fa13427760-1024x768.jpg 1024w, https:\/\/www.esterpartners.com\/wp-content\/uploads\/2023\/10\/7d8bfd6c-b0dc-4e40-aee9-20fa13427760-300x225.jpg 300w, https:\/\/www.esterpartners.com\/wp-content\/uploads\/2023\/10\/7d8bfd6c-b0dc-4e40-aee9-20fa13427760-768x576.jpg 768w, https:\/\/www.esterpartners.com\/wp-content\/uploads\/2023\/10\/7d8bfd6c-b0dc-4e40-aee9-20fa13427760-1536x1152.jpg 1536w, https:\/\/www.esterpartners.com\/wp-content\/uploads\/2023\/10\/7d8bfd6c-b0dc-4e40-aee9-20fa13427760-16x12.jpg 16w, https:\/\/www.esterpartners.com\/wp-content\/uploads\/2023\/10\/7d8bfd6c-b0dc-4e40-aee9-20fa13427760-1200x900.jpg 1200w, https:\/\/www.esterpartners.com\/wp-content\/uploads\/2023\/10\/7d8bfd6c-b0dc-4e40-aee9-20fa13427760-1980x1485.jpg 1980w, https:\/\/www.esterpartners.com\/wp-content\/uploads\/2023\/10\/7d8bfd6c-b0dc-4e40-aee9-20fa13427760.jpg 2048w\" sizes=\"(max-width: 580px) 100vw, 580px\" \/><\/div><\/a>\n\t\t\t\t<div class=\"elementor-post__badge\">Esem\u00e9nyek<\/div>\n\t\t\t\t<div class=\"elementor-post__text\">\n\t\t\t\t<h3 class=\"elementor-post__title\">\n\t\t\t<a href=\"https:\/\/www.esterpartners.com\/hu\/a-ko-orok-a-ko-marad-marmomac-kiallitas-veronaban\/\" >\n\t\t\t\tA k\u0151 \u00f6r\u00f6k, a k\u0151 marad! MARMOMAC ki\u00e1ll\u00edt\u00e1s Veron\u00e1ban\t\t\t<\/a>\n\t\t<\/h3>\n\t\t\t\t<div class=\"elementor-post__excerpt\">\n\t\t\t<p>Az Italian Trade Agency megh\u00edv\u00e1s\u00e1ra Radn\u00f3czy Eszter a Marmomac ki\u00e1ll\u00edt\u00e1son j\u00e1rt Veron\u00e1ban. A k\u00fcl\u00f6nleges utaz\u00e1son a k\u00e9sz designterm\u00e9kek mellett a szakmai csapat betekint\u00e9st nyerhetett a k\u0151feldolgoz\u00e1s folyamat\u00e1ba, s\u0151t, azokba a Verona f\u00f6l\u00f6tti b\u00e1ny\u00e1kba is, amelyek m\u00e1ig a k\u0151termel\u00e9s b\u00f6lcs\u0151it jelentik Olaszorsz\u00e1gban. Az utaz\u00e1sr\u00f3l Radn\u00f3czy Eszter vezet\u0151 tervez\u0151 k\u00e9sz\u00edtett r\u00f6vid besz\u00e1mol\u00f3t.<\/p>\n\t\t<\/div>\n\t\t\n\t\t<a class=\"elementor-post__read-more\" href=\"https:\/\/www.esterpartners.com\/hu\/a-ko-orok-a-ko-marad-marmomac-kiallitas-veronaban\/\" aria-label=\"Read more about A k\u0151 \u00f6r\u00f6k, a k\u0151 marad! MARMOMAC ki\u00e1ll\u00edt\u00e1s Veron\u00e1ban\" tabindex=\"-1\" >\n\t\t\tTOV\u00c1BB OLVASOM\t\t<\/a>\n\n\t\t\t\t<\/div>\n\t\t\t\t\t<\/div>\n\t\t<\/article>\n\t\t\t\t<article class=\"elementor-post elementor-grid-item post-26845 post type-post status-publish format-standard has-post-thumbnail hentry category-rolunk tag-magyar\" role=\"listitem\">\n\t\t\t<div class=\"elementor-post__card\">\n\t\t\t\t<a class=\"elementor-post__thumbnail__link\" href=\"https:\/\/www.esterpartners.com\/hu\/a-hotel-oktogon-a-design-street-magazinban\/\" tabindex=\"-1\" ><div class=\"elementor-post__thumbnail\"><img loading=\"lazy\" decoding=\"async\" width=\"580\" height=\"386\" src=\"https:\/\/www.esterpartners.com\/wp-content\/uploads\/2022\/06\/Oktogon_prev-008-1-1024x681.jpg\" class=\"attachment-large size-large wp-image-22050\" alt=\"\" srcset=\"https:\/\/www.esterpartners.com\/wp-content\/uploads\/2022\/06\/Oktogon_prev-008-1-1024x681.jpg 1024w, https:\/\/www.esterpartners.com\/wp-content\/uploads\/2022\/06\/Oktogon_prev-008-1-300x200.jpg 300w, https:\/\/www.esterpartners.com\/wp-content\/uploads\/2022\/06\/Oktogon_prev-008-1-768x511.jpg 768w, https:\/\/www.esterpartners.com\/wp-content\/uploads\/2022\/06\/Oktogon_prev-008-1-1536x1022.jpg 1536w, https:\/\/www.esterpartners.com\/wp-content\/uploads\/2022\/06\/Oktogon_prev-008-1-2048x1363.jpg 2048w, https:\/\/www.esterpartners.com\/wp-content\/uploads\/2022\/06\/Oktogon_prev-008-1-18x12.jpg 18w, https:\/\/www.esterpartners.com\/wp-content\/uploads\/2022\/06\/Oktogon_prev-008-1-1200x799.jpg 1200w, https:\/\/www.esterpartners.com\/wp-content\/uploads\/2022\/06\/Oktogon_prev-008-1-1980x1318.jpg 1980w\" sizes=\"(max-width: 580px) 100vw, 580px\" \/><\/div><\/a>\n\t\t\t\t<div class=\"elementor-post__badge\">R\u00f3lunk<\/div>\n\t\t\t\t<div class=\"elementor-post__text\">\n\t\t\t\t<h3 class=\"elementor-post__title\">\n\t\t\t<a href=\"https:\/\/www.esterpartners.com\/hu\/a-hotel-oktogon-a-design-street-magazinban\/\" >\n\t\t\t\tA Hotel Oktogon a Design Street Magazinban\t\t\t<\/a>\n\t\t<\/h3>\n\t\t\t\t<div class=\"elementor-post__excerpt\">\n\t\t\t<p>Minden iroda \u00e9let\u00e9ben vannak m\u00e9rf\u00f6ldk\u00f6vek: nek\u00fcnk ez most az! A Hotel Oktogon bels\u0151\u00e9p\u00edt\u00e9szeti munk\u00e1ja a mil\u00e1n\u00f3i Design Street oldal\u00e1n szerepel &#8211; ez a magazin az, amit r\u00e9g \u00f3ta szeret\u00fcnk \u00e9s k\u00f6vet\u00fcnk, hiszen komoly trendform\u00e1l\u00f3 az olasz design vil\u00e1g\u00e1ban. K\u00f6sz\u00f6nj\u00fck \u00e9s h\u00e1l\u00e1sak vagyunk a megjelen\u00e9si lehet\u0151s\u00e9g\u00e9rt! L\u2019Hotel Oktogon di Budapest, tra<\/p>\n\t\t<\/div>\n\t\t\n\t\t<a class=\"elementor-post__read-more\" href=\"https:\/\/www.esterpartners.com\/hu\/a-hotel-oktogon-a-design-street-magazinban\/\" aria-label=\"Read more about A Hotel Oktogon a Design Street Magazinban\" tabindex=\"-1\" >\n\t\t\tTOV\u00c1BB OLVASOM\t\t<\/a>\n\n\t\t\t\t<\/div>\n\t\t\t\t\t<\/div>\n\t\t<\/article>\n\t\t\t\t<article class=\"elementor-post elementor-grid-item post-26842 post type-post status-publish format-standard has-post-thumbnail hentry category-kivitelezes tag-magyar\" role=\"listitem\">\n\t\t\t<div class=\"elementor-post__card\">\n\t\t\t\t<a class=\"elementor-post__thumbnail__link\" href=\"https:\/\/www.esterpartners.com\/hu\/mindent-az-acelrol-ilyen-volt-a-kaldewei-gyarlatogatas\/\" tabindex=\"-1\" ><div class=\"elementor-post__thumbnail\"><img loading=\"lazy\" decoding=\"async\" width=\"580\" height=\"326\" src=\"https:\/\/www.esterpartners.com\/wp-content\/uploads\/2023\/07\/IMG_20230523_161350-2-1024x576.jpg\" class=\"attachment-large size-large wp-image-26840\" alt=\"\" srcset=\"https:\/\/www.esterpartners.com\/wp-content\/uploads\/2023\/07\/IMG_20230523_161350-2-1024x576.jpg 1024w, https:\/\/www.esterpartners.com\/wp-content\/uploads\/2023\/07\/IMG_20230523_161350-2-300x169.jpg 300w, https:\/\/www.esterpartners.com\/wp-content\/uploads\/2023\/07\/IMG_20230523_161350-2-768x432.jpg 768w, https:\/\/www.esterpartners.com\/wp-content\/uploads\/2023\/07\/IMG_20230523_161350-2-1536x864.jpg 1536w, https:\/\/www.esterpartners.com\/wp-content\/uploads\/2023\/07\/IMG_20230523_161350-2-2048x1152.jpg 2048w, https:\/\/www.esterpartners.com\/wp-content\/uploads\/2023\/07\/IMG_20230523_161350-2-18x10.jpg 18w, https:\/\/www.esterpartners.com\/wp-content\/uploads\/2023\/07\/IMG_20230523_161350-2-1200x675.jpg 1200w, https:\/\/www.esterpartners.com\/wp-content\/uploads\/2023\/07\/IMG_20230523_161350-2-1980x1114.jpg 1980w\" sizes=\"(max-width: 580px) 100vw, 580px\" \/><\/div><\/a>\n\t\t\t\t<div class=\"elementor-post__badge\">Kivitelez\u00e9s<\/div>\n\t\t\t\t<div class=\"elementor-post__text\">\n\t\t\t\t<h3 class=\"elementor-post__title\">\n\t\t\t<a href=\"https:\/\/www.esterpartners.com\/hu\/mindent-az-acelrol-ilyen-volt-a-kaldewei-gyarlatogatas\/\" >\n\t\t\t\tMindent az ac\u00e9lr\u00f3l: ilyen volt a Kaldewei gy\u00e1rl\u00e1togat\u00e1s\t\t\t<\/a>\n\t\t<\/h3>\n\t\t\t\t<div class=\"elementor-post__excerpt\">\n\t\t\t<p>Nemr\u00e9g szakmai \u00faton j\u00e1rtunk a n\u00e9metorsz\u00e1gi Ahlenben, a Kaldewei megh\u00edv\u00e1s\u00e1ra. K\u00fcl\u00f6nleges \u00fat volt, hiszen betekint\u00e9st nyerhett\u00fcnk az ac\u00e9llemez k\u00e1dak, mosd\u00f3k \u00e9s zuhanyt\u00e1lc\u00e1k gy\u00e1rt\u00e1s\u00e1nak technol\u00f3giai rejtelmeibe. A showroom \u00e9s a bemutat\u00f3\u00e9p\u00fclet \u00f6nmag\u00e1ban is \u00e9p\u00edt\u00e9szeti remekm\u0171, hiszen a homlokzat burkolata is ac\u00e9llemezb\u0151l k\u00e9sz\u00fclt &#8211; \u00e9lm\u00e9ny volt itt tanulni \u00e9s tapasztalni! K\u00f6sz\u00f6nj\u00fck a<\/p>\n\t\t<\/div>\n\t\t\n\t\t<a class=\"elementor-post__read-more\" href=\"https:\/\/www.esterpartners.com\/hu\/mindent-az-acelrol-ilyen-volt-a-kaldewei-gyarlatogatas\/\" aria-label=\"Read more about Mindent az ac\u00e9lr\u00f3l: ilyen volt a Kaldewei gy\u00e1rl\u00e1togat\u00e1s\" tabindex=\"-1\" >\n\t\t\tTOV\u00c1BB OLVASOM\t\t<\/a>\n\n\t\t\t\t<\/div>\n\t\t\t\t\t<\/div>\n\t\t<\/article>\n\t\t\t\t<\/div>\n\t\t\n\t\t\t\t\t\t<\/div>\n\t\t\t\t<\/div>\n\t\t\t\t\t<\/div>\n\t\t<\/div>\n\t\t\t\t\t<\/div>\n\t\t<\/section>\n\t\t\t\t<section class=\"elementor-section elementor-top-section elementor-element elementor-element-2c6992c elementor-section-boxed elementor-section-height-default elementor-section-height-default\" data-id=\"2c6992c\" data-element_type=\"section\" data-e-type=\"section\" data-settings=\"{&quot;background_background&quot;:&quot;classic&quot;}\">\n\t\t\t\t\t\t<div class=\"elementor-container elementor-column-gap-default\">\n\t\t\t\t\t<div class=\"elementor-column elementor-col-100 elementor-top-column elementor-element elementor-element-9895cb0\" data-id=\"9895cb0\" data-element_type=\"column\" data-e-type=\"column\">\n\t\t\t<div class=\"elementor-widget-wrap elementor-element-populated\">\n\t\t\t\t\t\t\t<\/div>\n\t\t<\/div>\n\t\t\t\t\t<\/div>\n\t\t<\/section>\n\t\t\t\t<\/div>","protected":false},"excerpt":{"rendered":"","protected":false},"author":1,"featured_media":0,"parent":0,"menu_order":0,"comment_status":"closed","ping_status":"closed","template":"elementor_header_footer","meta":{"footnotes":""},"class_list":["post-964","page","type-page","status-publish","hentry"],"yoast_head":"<!-- This site is optimized with the Yoast SEO plugin v27.4 - https:\/\/yoast.com\/product\/yoast-seo-wordpress\/ -->\n<title>MAGAZINE - esterpartners<\/title>\n<meta name=\"description\" content=\"An intimate, homelike space where everything is all about comfort. A cool, impressive room that is always perfect for a get-together and spending time with friends. In their collection called &quot;Cosy living 2021&quot;, interior designer Eszter Radn\u00f3czy and este&#039;r partners team bring the best of Italian design and premium partner products to re-tune your living room.\" \/>\n<meta name=\"robots\" content=\"index, follow, max-snippet:-1, max-image-preview:large, max-video-preview:-1\" \/>\n<link rel=\"canonical\" href=\"https:\/\/www.esterpartners.com\/hu\/magazine\/\" \/>\n<meta property=\"og:locale\" content=\"hu_HU\" \/>\n<meta property=\"og:type\" content=\"article\" \/>\n<meta property=\"og:title\" content=\"MAGAZINE - esterpartners\" \/>\n<meta property=\"og:description\" content=\"An intimate, homelike space where everything is all about comfort. A cool, impressive room that is always perfect for a get-together and spending time with friends. In their collection called &quot;Cosy living 2021&quot;, interior designer Eszter Radn\u00f3czy and este&#039;r partners team bring the best of Italian design and premium partner products to re-tune your living room.\" \/>\n<meta property=\"og:url\" content=\"https:\/\/www.esterpartners.com\/hu\/magazine\/\" \/>\n<meta property=\"og:site_name\" content=\"esterpartners\" \/>\n<meta property=\"article:publisher\" content=\"https:\/\/www.facebook.com\/esterpartners\" \/>\n<meta property=\"article:modified_time\" content=\"2026-02-09T12:58:07+00:00\" \/>\n<meta name=\"twitter:card\" content=\"summary_large_image\" \/>\n<meta name=\"twitter:label1\" content=\"Becs\u00fclt olvas\u00e1si id\u0151\" \/>\n\t<meta name=\"twitter:data1\" content=\"27 perc\" \/>\n<script type=\"application\/ld+json\" class=\"yoast-schema-graph\">{\"@context\":\"https:\\\/\\\/schema.org\",\"@graph\":[{\"@type\":\"WebPage\",\"@id\":\"https:\\\/\\\/www.esterpartners.com\\\/magazine\\\/\",\"url\":\"https:\\\/\\\/www.esterpartners.com\\\/magazine\\\/\",\"name\":\"MAGAZINE - esterpartners\",\"isPartOf\":{\"@id\":\"https:\\\/\\\/www.esterpartners.com\\\/#website\"},\"datePublished\":\"2020-06-17T09:42:50+00:00\",\"dateModified\":\"2026-02-09T12:58:07+00:00\",\"description\":\"An intimate, homelike space where everything is all about comfort. A cool, impressive room that is always perfect for a get-together and spending time with friends. In their collection called \\\"Cosy living 2021\\\", interior designer Eszter Radn\u00f3czy and este'r partners team bring the best of Italian design and premium partner products to re-tune your living room.\",\"breadcrumb\":{\"@id\":\"https:\\\/\\\/www.esterpartners.com\\\/magazine\\\/#breadcrumb\"},\"inLanguage\":\"hu\",\"potentialAction\":[{\"@type\":\"ReadAction\",\"target\":[\"https:\\\/\\\/www.esterpartners.com\\\/magazine\\\/\"]}]},{\"@type\":\"BreadcrumbList\",\"@id\":\"https:\\\/\\\/www.esterpartners.com\\\/magazine\\\/#breadcrumb\",\"itemListElement\":[{\"@type\":\"ListItem\",\"position\":1,\"name\":\"Home\",\"item\":\"https:\\\/\\\/www.esterpartners.com\\\/\"},{\"@type\":\"ListItem\",\"position\":2,\"name\":\"MAGAZINE\"}]},{\"@type\":\"WebSite\",\"@id\":\"https:\\\/\\\/www.esterpartners.com\\\/#website\",\"url\":\"https:\\\/\\\/www.esterpartners.com\\\/\",\"name\":\"esterpartners\",\"description\":\"interior architecture\",\"publisher\":{\"@id\":\"https:\\\/\\\/www.esterpartners.com\\\/#organization\"},\"potentialAction\":[{\"@type\":\"SearchAction\",\"target\":{\"@type\":\"EntryPoint\",\"urlTemplate\":\"https:\\\/\\\/www.esterpartners.com\\\/?s={search_term_string}\"},\"query-input\":{\"@type\":\"PropertyValueSpecification\",\"valueRequired\":true,\"valueName\":\"search_term_string\"}}],\"inLanguage\":\"hu\"},{\"@type\":\"Organization\",\"@id\":\"https:\\\/\\\/www.esterpartners.com\\\/#organization\",\"name\":\"esterpartners\",\"url\":\"https:\\\/\\\/www.esterpartners.com\\\/\",\"logo\":{\"@type\":\"ImageObject\",\"inLanguage\":\"hu\",\"@id\":\"https:\\\/\\\/www.esterpartners.com\\\/#\\\/schema\\\/logo\\\/image\\\/\",\"url\":\"https:\\\/\\\/www.esterpartners.com\\\/wp-content\\\/uploads\\\/2023\\\/04\\\/ESTERPARTNERS__logo_full_black.png\",\"contentUrl\":\"https:\\\/\\\/www.esterpartners.com\\\/wp-content\\\/uploads\\\/2023\\\/04\\\/ESTERPARTNERS__logo_full_black.png\",\"width\":2354,\"height\":911,\"caption\":\"esterpartners\"},\"image\":{\"@id\":\"https:\\\/\\\/www.esterpartners.com\\\/#\\\/schema\\\/logo\\\/image\\\/\"},\"sameAs\":[\"https:\\\/\\\/www.facebook.com\\\/esterpartners\"]}]}<\/script>\n<!-- \/ Yoast SEO plugin. -->","yoast_head_json":{"title":"MAGAZINE - esterpartners","description":"Meghitt, otthonos t\u00e9r, ahol minden a k\u00e9nyelemr\u0151l sz\u00f3l? Vag\u00e1ny, l\u00e1tv\u00e1nyos tal\u00e1lkoz\u00f3hely, ahol k\u00fcl\u00f6nleges \u00e9lm\u00e9ny vend\u00e9g\u00fcl l\u00e1tni a bar\u00e1tokat? Radn\u00f3czy Eszter \u00e9s az este'r partners a \"Cosy living 2021\" n\u00e9ven bemutatott kollekci\u00f3jukban elhozz\u00e1k a nappali \u00fajrahangol\u00e1shoz az olasz design \u00e9s pr\u00e9mium partnereik term\u00e9keinek legjav\u00e1t.","robots":{"index":"index","follow":"follow","max-snippet":"max-snippet:-1","max-image-preview":"max-image-preview:large","max-video-preview":"max-video-preview:-1"},"canonical":"https:\/\/www.esterpartners.com\/hu\/magazine\/","og_locale":"hu_HU","og_type":"article","og_title":"MAGAZINE - esterpartners","og_description":"An intimate, homelike space where everything is all about comfort. A cool, impressive room that is always perfect for a get-together and spending time with friends. In their collection called \"Cosy living 2021\", interior designer Eszter Radn\u00f3czy and este'r partners team bring the best of Italian design and premium partner products to re-tune your living room.","og_url":"https:\/\/www.esterpartners.com\/hu\/magazine\/","og_site_name":"esterpartners","article_publisher":"https:\/\/www.facebook.com\/esterpartners","article_modified_time":"2026-02-09T12:58:07+00:00","twitter_card":"summary_large_image","twitter_misc":{"Becs\u00fclt olvas\u00e1si id\u0151":"27 perc"},"schema":{"@context":"https:\/\/schema.org","@graph":[{"@type":"WebPage","@id":"https:\/\/www.esterpartners.com\/magazine\/","url":"https:\/\/www.esterpartners.com\/magazine\/","name":"MAGAZINE - esterpartners","isPartOf":{"@id":"https:\/\/www.esterpartners.com\/#website"},"datePublished":"2020-06-17T09:42:50+00:00","dateModified":"2026-02-09T12:58:07+00:00","description":"Meghitt, otthonos t\u00e9r, ahol minden a k\u00e9nyelemr\u0151l sz\u00f3l? Vag\u00e1ny, l\u00e1tv\u00e1nyos tal\u00e1lkoz\u00f3hely, ahol k\u00fcl\u00f6nleges \u00e9lm\u00e9ny vend\u00e9g\u00fcl l\u00e1tni a bar\u00e1tokat? Radn\u00f3czy Eszter \u00e9s az este'r partners a \"Cosy living 2021\" n\u00e9ven bemutatott kollekci\u00f3jukban elhozz\u00e1k a nappali \u00fajrahangol\u00e1shoz az olasz design \u00e9s pr\u00e9mium partnereik term\u00e9keinek legjav\u00e1t.","breadcrumb":{"@id":"https:\/\/www.esterpartners.com\/magazine\/#breadcrumb"},"inLanguage":"hu","potentialAction":[{"@type":"ReadAction","target":["https:\/\/www.esterpartners.com\/magazine\/"]}]},{"@type":"BreadcrumbList","@id":"https:\/\/www.esterpartners.com\/magazine\/#breadcrumb","itemListElement":[{"@type":"ListItem","position":1,"name":"Home","item":"https:\/\/www.esterpartners.com\/"},{"@type":"ListItem","position":2,"name":"MAGAZINE"}]},{"@type":"WebSite","@id":"https:\/\/www.esterpartners.com\/#website","url":"https:\/\/www.esterpartners.com\/","name":"esterpartners","description":"interior architecture","publisher":{"@id":"https:\/\/www.esterpartners.com\/#organization"},"potentialAction":[{"@type":"SearchAction","target":{"@type":"EntryPoint","urlTemplate":"https:\/\/www.esterpartners.com\/?s={search_term_string}"},"query-input":{"@type":"PropertyValueSpecification","valueRequired":true,"valueName":"search_term_string"}}],"inLanguage":"hu"},{"@type":"Organization","@id":"https:\/\/www.esterpartners.com\/#organization","name":"esterpartners","url":"https:\/\/www.esterpartners.com\/","logo":{"@type":"ImageObject","inLanguage":"hu","@id":"https:\/\/www.esterpartners.com\/#\/schema\/logo\/image\/","url":"https:\/\/www.esterpartners.com\/wp-content\/uploads\/2023\/04\/ESTERPARTNERS__logo_full_black.png","contentUrl":"https:\/\/www.esterpartners.com\/wp-content\/uploads\/2023\/04\/ESTERPARTNERS__logo_full_black.png","width":2354,"height":911,"caption":"esterpartners"},"image":{"@id":"https:\/\/www.esterpartners.com\/#\/schema\/logo\/image\/"},"sameAs":["https:\/\/www.facebook.com\/esterpartners"]}]}},"_links":{"self":[{"href":"https:\/\/www.esterpartners.com\/hu\/wp-json\/wp\/v2\/pages\/964","targetHints":{"allow":["GET"]}}],"collection":[{"href":"https:\/\/www.esterpartners.com\/hu\/wp-json\/wp\/v2\/pages"}],"about":[{"href":"https:\/\/www.esterpartners.com\/hu\/wp-json\/wp\/v2\/types\/page"}],"author":[{"embeddable":true,"href":"https:\/\/www.esterpartners.com\/hu\/wp-json\/wp\/v2\/users\/1"}],"replies":[{"embeddable":true,"href":"https:\/\/www.esterpartners.com\/hu\/wp-json\/wp\/v2\/comments?post=964"}],"version-history":[{"count":10,"href":"https:\/\/www.esterpartners.com\/hu\/wp-json\/wp\/v2\/pages\/964\/revisions"}],"predecessor-version":[{"id":33408,"href":"https:\/\/www.esterpartners.com\/hu\/wp-json\/wp\/v2\/pages\/964\/revisions\/33408"}],"wp:attachment":[{"href":"https:\/\/www.esterpartners.com\/hu\/wp-json\/wp\/v2\/media?parent=964"}],"curies":[{"name":"wp","href":"https:\/\/api.w.org\/{rel}","templated":true}]}}